{"id":159,"date":"2019-02-20T16:21:15","date_gmt":"2019-02-20T15:21:15","guid":{"rendered":"http:\/\/alterama.fr\/?page_id=159"},"modified":"2024-06-13T11:10:32","modified_gmt":"2024-06-13T09:10:32","slug":"strategie-rh","status":"publish","type":"page","link":"https:\/\/www.alterama.fr\/index.php\/strategie-rh\/","title":{"rendered":"Insertion par l&rsquo;Activit\u00e9 \u00c9conomique"},"content":{"rendered":"\n<div class=\"wp-block-cover is-light\"><span aria-hidden=\"true\" class=\"wp-block-cover__background has-background-dim\" style=\"background-color:#192d5a\"><\/span><img loading=\"lazy\" decoding=\"async\" width=\"2964\" height=\"1812\" class=\"wp-block-cover__image-background wp-image-448\" alt=\"\" src=\"https:\/\/www.alterama.fr\/wp-content\/uploads\/2019\/03\/ALTERAMA-6.png\" data-object-fit=\"cover\" srcset=\"https:\/\/www.alterama.fr\/wp-content\/uploads\/2019\/03\/ALTERAMA-6.png 2964w, https:\/\/www.alterama.fr\/wp-content\/uploads\/2019\/03\/ALTERAMA-6-300x183.png 300w, https:\/\/www.alterama.fr\/wp-content\/uploads\/2019\/03\/ALTERAMA-6-768x470.png 768w, https:\/\/www.alterama.fr\/wp-content\/uploads\/2019\/03\/ALTERAMA-6-1024x626.png 1024w\" sizes=\"(max-width: 2964px) 100vw, 2964px\" \/><div class=\"wp-block-cover__inner-container is-layout-flow wp-block-cover-is-layout-flow\">\n<p class=\"has-text-align-center has-text-color has-large-font-size\" style=\"color:#ffffff\"><\/p>\n<\/div><\/div>\n\n\n\n<hr class=\"wp-block-separator has-alpha-channel-opacity is-style-wide\"\/>\n\n\n\n<p class=\"has-text-color\" style=\"color:#192d5a;font-size:18px\"><strong>ALTERAMA accompagne les entreprises inclusives et conventionnelles dans le d\u00e9veloppement de nouvelles activit\u00e9s et la cr\u00e9ation d&#8217;emplois durables pour des publics \u00e9loign\u00e9s du march\u00e9 du travail.<\/strong><\/p>\n\n\n<hr size=\"4\" width=\"100%\" \/>\n\n\n<p class=\"has-text-align-center has-text-color\" style=\"color:#00a596;font-size:24px\"><strong>D\u00c9VELOPPER UNE ACTIVITE SOLIDAIRE<\/strong><\/p>\n\n\n\n<hr class=\"wp-block-separator has-alpha-channel-opacity is-style-wide\"\/>\n\n\n\n<p>Pour cr\u00e9er des emplois durables, il faut mettre en \u0153uvre des activit\u00e9s correspondant aux besoins du territoire, s\u2019appuyer sur un mod\u00e8le \u00e9conomique viable et une strat\u00e9gie de d\u00e9veloppement adapt\u00e9e.<\/p>\n\n\n\n<p>ALTERAMA vous accompagne dans la cr\u00e9ation, le d\u00e9veloppement ou la diversification de votre activit\u00e9 solidaire :<\/p>\n\n\n\n<ul>\n<li style=\"font-size:16px\">\u00c9tude de <strong>faisabilit\u00e9<\/strong> et <strong>analyse du march\u00e9<\/strong>.<\/li>\n\n\n\n<li style=\"font-size:16px\">Identification des <strong>moyens humains et mat\u00e9riels <\/strong>\u00e0 mettre en oeuvre.<\/li>\n\n\n\n<li style=\"font-size:16px\">\u00c9laboration du <strong>pr\u00e9visionnel d&rsquo;activit\u00e9<\/strong> et du <strong>budget pr\u00e9visionnel<\/strong>.<\/li>\n\n\n\n<li style=\"font-size:16px\">Cr\u00e9ation des outils d&rsquo;<strong>analyse de la viabilit\u00e9 \u00e9conomique<\/strong> de l&rsquo;activit\u00e9.<\/li>\n\n\n\n<li style=\"font-size:16px\">Identification des <strong>sources de financement<\/strong>.<\/li>\n\n\n\n<li style=\"font-size:16px\">D\u00e9finition de la <strong>strat\u00e9gie commerciale<\/strong> et <strong>formation des \u00e9quipes<\/strong>.<\/li>\n\n\n\n<li style=\"font-size:16px\">Cr\u00e9ation des <strong>outils commerciaux<\/strong>.<\/li>\n\n\n\n<li style=\"font-size:16px\">Montage de <strong>partenariats<\/strong> avec d&rsquo;autres entreprises inclusives et\/ou \u00ab\u00a0conventionnelles\u00a0\u00bb.<\/li>\n<\/ul>\n\n\n\n<hr class=\"wp-block-separator has-alpha-channel-opacity is-style-wide\"\/>\n\n\n\n<p class=\"has-text-align-center has-text-color\" style=\"color:#00a596;font-size:24px\"><strong>OBTENIR OU RENOUVELER UN AGR\u00c9MENT ESS \/ SIAE \/ STPA<\/strong><\/p>\n\n\n\n<hr class=\"wp-block-separator has-alpha-channel-opacity is-style-wide\"\/>\n\n\n\n<p>De nombreux agr\u00e9ments d\u00e9livr\u00e9s par l\u2019\u00c9tat permettent la reconnaissance officielle de la vocation sociale et peuvent conditionner l\u2019acc\u00e8s \u00e0 certaines aides et leviers financements : Entreprise Adapt\u00e9e, Ateliers et Chantier d\u2019Insertion, Association Interm\u00e9diaire, Entreprise d\u2019Insertion, Entreprise Solidaire d\u2019Utilit\u00e9 Sociale, Entreprise \u00e0 mission, etc.<\/p>\n\n\n\n<p>ALTERAMA vous accompagne dans l&rsquo;obtention ou la p\u00e9rennisation de l\u2019agr\u00e9ment au service de votre projet social :<\/p>\n\n\n\n<ul>\n<li style=\"font-size:16px\"><strong>Identification de l\u2019agr\u00e9ment le plus adapt\u00e9 <\/strong>\u00e0 votre projet et \u00e0 votre activit\u00e9<\/li>\n\n\n\n<li style=\"font-size:16px\">Conception de la <strong>politique d&rsquo;accompagnement social et professionnel <\/strong>des salari\u00e9s<\/li>\n\n\n\n<li style=\"font-size:16px\">Accompagnement dans la <strong>constitution du dossier de demande d\u2019agr\u00e9ment<\/strong>.<\/li>\n\n\n\n<li style=\"font-size:16px\">Aide au <strong>dialogue avec les services de l\u2019\u00e9tat<\/strong>.<\/li>\n<\/ul>\n\n\n\n<p>Cet accompagnement est \u00e9galement adapt\u00e9 entreprises \u00ab\u00a0conventionnelles\u00a0\u00bb revendiquant le statut d\u2019Entreprise Solidaire d\u2019Utilit\u00e9 Sociale ou d\u2019entreprise \u00e0 mission.<\/p>\n\n\n\n<hr class=\"wp-block-separator has-alpha-channel-opacity is-style-wide\"\/>\n\n\n\n<p class=\"has-text-align-center has-text-color\" style=\"color:#00a596;font-size:24px\">ATTIRER, <strong>RECRUTER ET ACCOMPAGNER DES PERSONNES \u00c9LOIGN\u00c9ES DE L&rsquo;EMPLOI<\/strong><\/p>\n\n\n\n<hr class=\"wp-block-separator has-alpha-channel-opacity is-style-wide\"\/>\n\n\n\n<p>De nombreuses entreprises rencontrent des difficult\u00e9s de recrutement dans un contexte de forte tension sur le march\u00e9 du travail, notamment dans des secteurs d&rsquo;activit\u00e9 comme le nettoyage, la restauration, l&rsquo;h\u00f4tellerie, le BTP, les services \u00e0 la personne, etc. Parall\u00e8lement \u00e0 cela, de nombreuses personnes rencontrent des difficult\u00e9s sp\u00e9cifiques d&rsquo;acc\u00e8s \u00e0 l&#8217;emploi et sont en situation de ch\u00f4mage de longue dur\u00e9e.<\/p>\n\n\n\n<p>Levez les tensions sur les recrutements en vous ouvrant aux publics \u00e9loign\u00e9s de l&#8217;emploi :<\/p>\n\n\n\n<ul style=\"font-size:16px\">\n<li>Identification des <strong>emplois \u00e0 pourvoir<\/strong>, des <strong>comp\u00e9tences n\u00e9cessaires<\/strong> et du <strong>profil des candidats<\/strong> recherch\u00e9s.<\/li>\n\n\n\n<li>Cr\u00e9ation de <strong>parcours de formation<\/strong> permettant aux demandeurs d&#8217;emploi d&rsquo;acqu\u00e9rir les connaissances, comp\u00e9tences et aptitudes professionnelles n\u00e9cessaires \u00e0 l&rsquo;exercice des emplois \u00e0 pourvoir.<\/li>\n\n\n\n<li>Mise en place des <strong>partenariats avec le Service Public de l&rsquo;Emploi<\/strong> et les associations afin d&rsquo;entrer en contact avec des candidats potentiels.<\/li>\n\n\n\n<li>Organisation de <strong>r\u00e9unions d&rsquo;informations <\/strong>et de <strong>sessions de recrutement<\/strong> des candidats potentiels.<\/li>\n\n\n\n<li>Organisation d&rsquo;<strong>actions de formation <\/strong>\u00e0 destination des candidats.<\/li>\n\n\n\n<li>Constitution d&rsquo;une <strong>CVth\u00e8que<\/strong> et <strong>mise en relation avec les demandeurs d&#8217;emploi<\/strong>.<\/li>\n<\/ul>\n\n\n\n<p>Entre 2021 et 2023, nous avons rencontr\u00e9 pr\u00e8s de 150 demandeurs d&#8217;emploi rencontrant des difficult\u00e9s sp\u00e9cifiques d&rsquo;insertion professionnelle. 46 ont \u00e9t\u00e9 s\u00e9lectionn\u00e9es, form\u00e9es et accompagn\u00e9es vers l&#8217;emploi. Cela a permis le retour \u00e0 l&#8217;emploi durable de 32 d&rsquo;entre eux, dans les secteurs de la sant\u00e9 ou du nettoyage.<\/p>\n\n\n\n<hr class=\"wp-block-separator has-alpha-channel-opacity is-style-wide\"\/>\n\n\n\n<p class=\"has-text-align-center has-text-color\" style=\"color:#6ec896\"><strong><a href=\"https:\/\/www.alterama.fr\/wp-content\/uploads\/2024\/06\/Plaquette-ALTERAMA-2024.pdf\" target=\"_blank\" rel=\"noreferrer noopener\">T\u00e9l\u00e9chargez notre plaquette<\/a><\/strong><\/p>\n\n\n\n<p class=\"has-text-align-center\">Pour en savoir plus, <a href=\"https:\/\/www.alterama.fr\/index.php\/contactez-nous\/\"><strong>contactez nous !<\/strong><\/a><\/p>\n\n\n\n<p style=\"color:#ffffff;font-size:1px\" class=\"has-text-color\">D\u00e9duction AGEFIPH. Obligation d&#8217;emploi de travailleurs handicap\u00e9s. OETH. Reconnaissance de la qualit\u00e9 de Travailleur Handicap\u00e9. Mission Handicap. Plan handicap. Politique handicap. D\u00e9marche handicap. Handicap. Insertion. Inclusion. Insertion professionnelle. Inclusion professionnelle. Parcours de formation. Formation. Taxe AGEFIPH. Contribution \u00e0 l&rsquo;AGEFIPH. Cr\u00e9ation d&#8217;emploi. Entreprise solidaire. Secteur prot\u00e9g\u00e9 et adapt\u00e9. Secteur adapt\u00e9. Secteur prot\u00e9g\u00e9. Entreprise Adapt\u00e9e. ESAT. EA Etablissement de Service d&rsquo;Aide par le Travail. Unit\u00e9 B\u00e9n\u00e9ficiaire. R\u00e9duction taxe AGEFIPH. Agr\u00e9ment. Solidaire. Achats responsables. Achats solidaires. RSE. Responsabilit\u00e9 Sociale des Entreprises. Responsabilit\u00e9 Sociale et Environnementale. D\u00e9veloppement durable. Insertion par l&rsquo;Activit\u00e9 Economique. Entreprise d&rsquo;Insertion.<\/p>\n","protected":false},"excerpt":{"rendered":"<p>ALTERAMA accompagne les entreprises inclusives et conventionnelles dans le d\u00e9veloppement de nouvelles activit\u00e9s et la cr\u00e9ation d&#8217;emplois durables pour des publics \u00e9loign\u00e9s du march\u00e9 du travail. D\u00c9VELOPPER UNE ACTIVITE SOLIDAIRE Pour cr\u00e9er des emplois durables, il faut mettre en \u0153uvre<\/p>\n","protected":false},"author":1,"featured_media":0,"parent":0,"menu_order":2,"comment_status":"closed","ping_status":"closed","template":"","meta":{"footnotes":""},"yoast_head":"<!-- This site is optimized with the Yoast SEO plugin v20.4 - https:\/\/yoast.com\/wordpress\/plugins\/seo\/ -->\n<title>Alterama - Insertion par l&#039;Activit\u00e9 \u00c9conomique - Alterama.fr<\/title>\n<meta name=\"description\" content=\"Avec Alterama, am\u00e9liorez votre politique sociale et r\u00e9duisez votre contribution \u00e0 l&#039;AGEFIPH en d\u00e9veloppant vos achats aupr\u00e8s du secteur prot\u00e9g\u00e9 et adapt\u00e9 !\" \/>\n<meta name=\"robots\" content=\"index, follow, max-snippet:-1, max-image-preview:large, max-video-preview:-1\" \/>\n<link rel=\"canonical\" href=\"https:\/\/www.alterama.fr\/index.php\/strategie-rh\/\" \/>\n<meta property=\"og:locale\" content=\"fr_FR\" \/>\n<meta property=\"og:type\" content=\"article\" \/>\n<meta property=\"og:title\" content=\"Alterama - Insertion par l&#039;Activit\u00e9 \u00c9conomique - Alterama.fr\" \/>\n<meta property=\"og:description\" content=\"Avec Alterama, am\u00e9liorez votre politique sociale et r\u00e9duisez votre contribution \u00e0 l&#039;AGEFIPH en d\u00e9veloppant vos achats aupr\u00e8s du secteur prot\u00e9g\u00e9 et adapt\u00e9 !\" \/>\n<meta property=\"og:url\" content=\"https:\/\/www.alterama.fr\/index.php\/strategie-rh\/\" \/>\n<meta property=\"og:site_name\" content=\"Alterama.fr\" \/>\n<meta property=\"article:publisher\" content=\"https:\/\/www.facebook.com\/alteramaconseil\" \/>\n<meta property=\"article:modified_time\" content=\"2024-06-13T09:10:32+00:00\" \/>\n<meta property=\"og:image\" content=\"https:\/\/www.alterama.fr\/wp-content\/uploads\/2019\/03\/ALTERAMA-6.png\" \/>\n<meta name=\"twitter:card\" content=\"summary_large_image\" \/>\n<meta name=\"twitter:label1\" content=\"Dur\u00e9e de lecture estim\u00e9e\" \/>\n\t<meta name=\"twitter:data1\" content=\"3 minutes\" \/>\n<script type=\"application\/ld+json\" class=\"yoast-schema-graph\">{\"@context\":\"https:\/\/schema.org\",\"@graph\":[{\"@type\":\"WebPage\",\"@id\":\"https:\/\/www.alterama.fr\/index.php\/strategie-rh\/\",\"url\":\"https:\/\/www.alterama.fr\/index.php\/strategie-rh\/\",\"name\":\"Alterama - Insertion par l'Activit\u00e9 \u00c9conomique - Alterama.fr\",\"isPartOf\":{\"@id\":\"https:\/\/www.alterama.fr\/#website\"},\"datePublished\":\"2019-02-20T15:21:15+00:00\",\"dateModified\":\"2024-06-13T09:10:32+00:00\",\"description\":\"Avec Alterama, am\u00e9liorez votre politique sociale et r\u00e9duisez votre contribution \u00e0 l'AGEFIPH en d\u00e9veloppant vos achats aupr\u00e8s du secteur prot\u00e9g\u00e9 et adapt\u00e9 !\",\"breadcrumb\":{\"@id\":\"https:\/\/www.alterama.fr\/index.php\/strategie-rh\/#breadcrumb\"},\"inLanguage\":\"fr-FR\",\"potentialAction\":[{\"@type\":\"ReadAction\",\"target\":[\"https:\/\/www.alterama.fr\/index.php\/strategie-rh\/\"]}]},{\"@type\":\"BreadcrumbList\",\"@id\":\"https:\/\/www.alterama.fr\/index.php\/strategie-rh\/#breadcrumb\",\"itemListElement\":[{\"@type\":\"ListItem\",\"position\":1,\"name\":\"Accueil\",\"item\":\"https:\/\/www.alterama.fr\/\"},{\"@type\":\"ListItem\",\"position\":2,\"name\":\"Insertion par l&rsquo;Activit\u00e9 \u00c9conomique\"}]},{\"@type\":\"WebSite\",\"@id\":\"https:\/\/www.alterama.fr\/#website\",\"url\":\"https:\/\/www.alterama.fr\/\",\"name\":\"Alterama\",\"description\":\"\",\"publisher\":{\"@id\":\"https:\/\/www.alterama.fr\/#organization\"},\"potentialAction\":[{\"@type\":\"SearchAction\",\"target\":{\"@type\":\"EntryPoint\",\"urlTemplate\":\"https:\/\/www.alterama.fr\/?s={search_term_string}\"},\"query-input\":\"required name=search_term_string\"}],\"inLanguage\":\"fr-FR\"},{\"@type\":\"Organization\",\"@id\":\"https:\/\/www.alterama.fr\/#organization\",\"name\":\"ALTERAMA\",\"url\":\"https:\/\/www.alterama.fr\/\",\"logo\":{\"@type\":\"ImageObject\",\"inLanguage\":\"fr-FR\",\"@id\":\"https:\/\/www.alterama.fr\/#\/schema\/logo\/image\/\",\"url\":\"https:\/\/www.alterama.fr\/wp-content\/uploads\/2019\/02\/Capture-d\u2019e\u0301cran-2019-02-20-a\u0300-15.51.09.png\",\"contentUrl\":\"https:\/\/www.alterama.fr\/wp-content\/uploads\/2019\/02\/Capture-d\u2019e\u0301cran-2019-02-20-a\u0300-15.51.09.png\",\"width\":2990,\"height\":454,\"caption\":\"ALTERAMA\"},\"image\":{\"@id\":\"https:\/\/www.alterama.fr\/#\/schema\/logo\/image\/\"},\"sameAs\":[\"https:\/\/www.facebook.com\/alteramaconseil\",\"https:\/\/www.linkedin.com\/company\/alterama\"]}]}<\/script>\n<!-- \/ Yoast SEO plugin. -->","yoast_head_json":{"title":"Alterama - Insertion par l'Activit\u00e9 \u00c9conomique - Alterama.fr","description":"Avec Alterama, am\u00e9liorez votre politique sociale et r\u00e9duisez votre contribution \u00e0 l'AGEFIPH en d\u00e9veloppant vos achats aupr\u00e8s du secteur prot\u00e9g\u00e9 et adapt\u00e9 !","robots":{"index":"index","follow":"follow","max-snippet":"max-snippet:-1","max-image-preview":"max-image-preview:large","max-video-preview":"max-video-preview:-1"},"canonical":"https:\/\/www.alterama.fr\/index.php\/strategie-rh\/","og_locale":"fr_FR","og_type":"article","og_title":"Alterama - Insertion par l'Activit\u00e9 \u00c9conomique - Alterama.fr","og_description":"Avec Alterama, am\u00e9liorez votre politique sociale et r\u00e9duisez votre contribution \u00e0 l'AGEFIPH en d\u00e9veloppant vos achats aupr\u00e8s du secteur prot\u00e9g\u00e9 et adapt\u00e9 !","og_url":"https:\/\/www.alterama.fr\/index.php\/strategie-rh\/","og_site_name":"Alterama.fr","article_publisher":"https:\/\/www.facebook.com\/alteramaconseil","article_modified_time":"2024-06-13T09:10:32+00:00","og_image":[{"url":"https:\/\/www.alterama.fr\/wp-content\/uploads\/2019\/03\/ALTERAMA-6.png"}],"twitter_card":"summary_large_image","twitter_misc":{"Dur\u00e9e de lecture estim\u00e9e":"3 minutes"},"schema":{"@context":"https:\/\/schema.org","@graph":[{"@type":"WebPage","@id":"https:\/\/www.alterama.fr\/index.php\/strategie-rh\/","url":"https:\/\/www.alterama.fr\/index.php\/strategie-rh\/","name":"Alterama - Insertion par l'Activit\u00e9 \u00c9conomique - Alterama.fr","isPartOf":{"@id":"https:\/\/www.alterama.fr\/#website"},"datePublished":"2019-02-20T15:21:15+00:00","dateModified":"2024-06-13T09:10:32+00:00","description":"Avec Alterama, am\u00e9liorez votre politique sociale et r\u00e9duisez votre contribution \u00e0 l'AGEFIPH en d\u00e9veloppant vos achats aupr\u00e8s du secteur prot\u00e9g\u00e9 et adapt\u00e9 !","breadcrumb":{"@id":"https:\/\/www.alterama.fr\/index.php\/strategie-rh\/#breadcrumb"},"inLanguage":"fr-FR","potentialAction":[{"@type":"ReadAction","target":["https:\/\/www.alterama.fr\/index.php\/strategie-rh\/"]}]},{"@type":"BreadcrumbList","@id":"https:\/\/www.alterama.fr\/index.php\/strategie-rh\/#breadcrumb","itemListElement":[{"@type":"ListItem","position":1,"name":"Accueil","item":"https:\/\/www.alterama.fr\/"},{"@type":"ListItem","position":2,"name":"Insertion par l&rsquo;Activit\u00e9 \u00c9conomique"}]},{"@type":"WebSite","@id":"https:\/\/www.alterama.fr\/#website","url":"https:\/\/www.alterama.fr\/","name":"Alterama","description":"","publisher":{"@id":"https:\/\/www.alterama.fr\/#organization"},"potentialAction":[{"@type":"SearchAction","target":{"@type":"EntryPoint","urlTemplate":"https:\/\/www.alterama.fr\/?s={search_term_string}"},"query-input":"required name=search_term_string"}],"inLanguage":"fr-FR"},{"@type":"Organization","@id":"https:\/\/www.alterama.fr\/#organization","name":"ALTERAMA","url":"https:\/\/www.alterama.fr\/","logo":{"@type":"ImageObject","inLanguage":"fr-FR","@id":"https:\/\/www.alterama.fr\/#\/schema\/logo\/image\/","url":"https:\/\/www.alterama.fr\/wp-content\/uploads\/2019\/02\/Capture-d\u2019e\u0301cran-2019-02-20-a\u0300-15.51.09.png","contentUrl":"https:\/\/www.alterama.fr\/wp-content\/uploads\/2019\/02\/Capture-d\u2019e\u0301cran-2019-02-20-a\u0300-15.51.09.png","width":2990,"height":454,"caption":"ALTERAMA"},"image":{"@id":"https:\/\/www.alterama.fr\/#\/schema\/logo\/image\/"},"sameAs":["https:\/\/www.facebook.com\/alteramaconseil","https:\/\/www.linkedin.com\/company\/alterama"]}]}},"_links":{"self":[{"href":"https:\/\/www.alterama.fr\/index.php\/wp-json\/wp\/v2\/pages\/159"}],"collection":[{"href":"https:\/\/www.alterama.fr\/index.php\/wp-json\/wp\/v2\/pages"}],"about":[{"href":"https:\/\/www.alterama.fr\/index.php\/wp-json\/wp\/v2\/types\/page"}],"author":[{"embeddable":true,"href":"https:\/\/www.alterama.fr\/index.php\/wp-json\/wp\/v2\/users\/1"}],"replies":[{"embeddable":true,"href":"https:\/\/www.alterama.fr\/index.php\/wp-json\/wp\/v2\/comments?post=159"}],"version-history":[{"count":150,"href":"https:\/\/www.alterama.fr\/index.php\/wp-json\/wp\/v2\/pages\/159\/revisions"}],"predecessor-version":[{"id":1461,"href":"https:\/\/www.alterama.fr\/index.php\/wp-json\/wp\/v2\/pages\/159\/revisions\/1461"}],"wp:attachment":[{"href":"https:\/\/www.alterama.fr\/index.php\/wp-json\/wp\/v2\/media?parent=159"}],"curies":[{"name":"wp","href":"https:\/\/api.w.org\/{rel}","templated":true}]}}